{"id":518,"date":"2025-03-21T10:47:55","date_gmt":"2025-03-21T09:47:55","guid":{"rendered":"https:\/\/haltern.eu\/schuetzengilde\/home\/"},"modified":"2026-04-13T15:17:06","modified_gmt":"2026-04-13T13:17:06","slug":"home","status":"publish","type":"page","link":"https:\/\/haltern.eu\/schuetzengilde\/","title":{"rendered":"Home"},"content":{"rendered":"\t\t<div data-elementor-type=\"wp-page\" data-elementor-id=\"518\" class=\"elementor elementor-518\">\n\t\t\t\t<div class=\"elementor-element elementor-element-f4da2e3 e-flex e-con-boxed e-con e-parent\" data-id=\"f4da2e3\" data-element_type=\"container\" data-e-type=\"container\" data-settings=\"{&quot;background_background&quot;:&quot;classic&quot;}\">\n\t\t\t\t\t<div class=\"e-con-inner\">\n\t\t<div class=\"elementor-element elementor-element-350c275 e-flex e-con-boxed e-con e-child\" data-id=\"350c275\" data-element_type=\"container\" data-e-type=\"container\">\n\t\t\t\t\t<div class=\"e-con-inner\">\n\t\t<div class=\"elementor-element elementor-element-e89782c e-grid e-con-full e-con e-child\" data-id=\"e89782c\" data-element_type=\"container\" data-e-type=\"container\">\n\t\t\t\t<div class=\"elementor-element elementor-element-3d995f4 elementor-invisible elementor-widget elementor-widget-image\" data-id=\"3d995f4\" data-element_type=\"widget\" data-e-type=\"widget\" data-settings=\"{&quot;_animation&quot;:&quot;zoomIn&quot;}\" data-widget_type=\"image.default\">\n\t\t\t\t<div class=\"elementor-widget-container\">\n\t\t\t\t\t\t\t\t\t\t\t\t\t\t\t<img fetchpriority=\"high\" decoding=\"async\" width=\"300\" height=\"300\" src=\"https:\/\/haltern.eu\/schuetzengilde\/wp-content\/uploads\/2025\/03\/favicon_gilde-300x300.png\" class=\"attachment-medium size-medium wp-image-1173\" alt=\"\" srcset=\"https:\/\/haltern.eu\/schuetzengilde\/wp-content\/uploads\/2025\/03\/favicon_gilde-300x300.png 300w, https:\/\/haltern.eu\/schuetzengilde\/wp-content\/uploads\/2025\/03\/favicon_gilde-150x150.png 150w, https:\/\/haltern.eu\/schuetzengilde\/wp-content\/uploads\/2025\/03\/favicon_gilde.png 512w\" sizes=\"(max-width: 300px) 100vw, 300px\" \/>\t\t\t\t\t\t\t\t\t\t\t\t\t\t\t<\/div>\n\t\t\t\t<\/div>\n\t\t\t\t<div class=\"elementor-element elementor-element-754f13c elementor-invisible elementor-widget elementor-widget-heading\" data-id=\"754f13c\" data-element_type=\"widget\" data-e-type=\"widget\" data-settings=\"{&quot;_animation&quot;:&quot;zoomInUp&quot;,&quot;_animation_delay&quot;:300}\" data-widget_type=\"heading.default\">\n\t\t\t\t<div class=\"elementor-widget-container\">\n\t\t\t\t\t<h2 class=\"elementor-heading-title elementor-size-default\">Herzlich Willkommen\nbei der Sch\u00fctzengilde Haltern e.V.<\/h2>\t\t\t\t<\/div>\n\t\t\t\t<\/div>\n\t\t\t\t<\/div>\n\t\t\t\t\t<\/div>\n\t\t\t\t<\/div>\n\t\t\t\t\t<\/div>\n\t\t\t\t<\/div>\n\t\t<div class=\"elementor-element elementor-element-7a502e0 e-flex e-con-boxed e-con e-parent\" data-id=\"7a502e0\" data-element_type=\"container\" data-e-type=\"container\" data-settings=\"{&quot;background_background&quot;:&quot;classic&quot;}\">\n\t\t\t\t\t<div class=\"e-con-inner\">\n\t\t<div class=\"elementor-element elementor-element-b371ce5 e-con-full e-flex elementor-invisible e-con e-child\" data-id=\"b371ce5\" data-element_type=\"container\" data-e-type=\"container\" data-settings=\"{&quot;background_background&quot;:&quot;classic&quot;,&quot;animation&quot;:&quot;rotateIn&quot;}\">\n\t\t\t\t<div class=\"elementor-element elementor-element-af690ae elementor-widget elementor-widget-text-editor\" data-id=\"af690ae\" data-element_type=\"widget\" data-e-type=\"widget\" data-widget_type=\"text-editor.default\">\n\t\t\t\t<div class=\"elementor-widget-container\">\n\t\t\t\t\t\t\t\t\t<p><strong>Die Kompanien der Sch\u00fctzengilde Haltern<\/strong><\/p>\t\t\t\t\t\t\t\t<\/div>\n\t\t\t\t<\/div>\n\t\t\t\t<div class=\"elementor-element elementor-element-694e095 elementor-widget-divider--separator-type-pattern elementor-widget-divider--view-line elementor-widget elementor-widget-divider\" data-id=\"694e095\" data-element_type=\"widget\" data-e-type=\"widget\" data-widget_type=\"divider.default\">\n\t\t\t\t<div class=\"elementor-widget-container\">\n\t\t\t\t\t\t\t<div class=\"elementor-divider\" style=\"--divider-pattern-url: url(&quot;data:image\/svg+xml,%3Csvg xmlns=&#039;http:\/\/www.w3.org\/2000\/svg&#039; preserveAspectRatio=&#039;none&#039; overflow=&#039;visible&#039; height=&#039;100%&#039; viewBox=&#039;0 0 24 24&#039; fill=&#039;black&#039; stroke=&#039;none&#039;%3E%3Cpath d=&#039;M12.7,2.3c-0.4-0.4-1.1-0.4-1.5,0l-8,9.1c-0.3,0.4-0.3,0.9,0,1.2l8,9.1c0.4,0.4,1.1,0.4,1.5,0l8-9.1c0.3-0.4,0.3-0.9,0-1.2L12.7,2.3z&#039;\/%3E%3C\/svg%3E&quot;);\">\n\t\t\t<span class=\"elementor-divider-separator\">\n\t\t\t\t\t\t<\/span>\n\t\t<\/div>\n\t\t\t\t\t\t<\/div>\n\t\t\t\t<\/div>\n\t\t\t\t<div class=\"elementor-element elementor-element-6297474 elementor-widget elementor-widget-image\" data-id=\"6297474\" data-element_type=\"widget\" data-e-type=\"widget\" data-widget_type=\"image.default\">\n\t\t\t\t<div class=\"elementor-widget-container\">\n\t\t\t\t\t\t\t\t\t\t\t\t\t\t\t\t<a href=\"https:\/\/haltern.eu\/schuetzengilde\/kompanien\/\">\n\t\t\t\t\t\t\t<img decoding=\"async\" width=\"2410\" height=\"368\" src=\"https:\/\/haltern.eu\/schuetzengilde\/wp-content\/uploads\/2025\/03\/kompanien.png\" class=\"attachment-full size-full wp-image-2014\" alt=\"\" srcset=\"https:\/\/haltern.eu\/schuetzengilde\/wp-content\/uploads\/2025\/03\/kompanien.png 2410w, https:\/\/haltern.eu\/schuetzengilde\/wp-content\/uploads\/2025\/03\/kompanien-300x46.png 300w, https:\/\/haltern.eu\/schuetzengilde\/wp-content\/uploads\/2025\/03\/kompanien-1024x156.png 1024w, https:\/\/haltern.eu\/schuetzengilde\/wp-content\/uploads\/2025\/03\/kompanien-768x117.png 768w, https:\/\/haltern.eu\/schuetzengilde\/wp-content\/uploads\/2025\/03\/kompanien-1536x235.png 1536w, https:\/\/haltern.eu\/schuetzengilde\/wp-content\/uploads\/2025\/03\/kompanien-2048x313.png 2048w\" sizes=\"(max-width: 2410px) 100vw, 2410px\" \/>\t\t\t\t\t\t\t\t<\/a>\n\t\t\t\t\t\t\t\t\t\t\t\t\t\t\t<\/div>\n\t\t\t\t<\/div>\n\t\t\t\t<div class=\"elementor-element elementor-element-48162cc elementor-widget-divider--separator-type-pattern elementor-widget-divider--view-line elementor-widget elementor-widget-divider\" data-id=\"48162cc\" data-element_type=\"widget\" data-e-type=\"widget\" data-widget_type=\"divider.default\">\n\t\t\t\t<div class=\"elementor-widget-container\">\n\t\t\t\t\t\t\t<div class=\"elementor-divider\" style=\"--divider-pattern-url: url(&quot;data:image\/svg+xml,%3Csvg xmlns=&#039;http:\/\/www.w3.org\/2000\/svg&#039; preserveAspectRatio=&#039;none&#039; overflow=&#039;visible&#039; height=&#039;100%&#039; viewBox=&#039;0 0 24 24&#039; fill=&#039;black&#039; stroke=&#039;none&#039;%3E%3Cpath d=&#039;M12.7,2.3c-0.4-0.4-1.1-0.4-1.5,0l-8,9.1c-0.3,0.4-0.3,0.9,0,1.2l8,9.1c0.4,0.4,1.1,0.4,1.5,0l8-9.1c0.3-0.4,0.3-0.9,0-1.2L12.7,2.3z&#039;\/%3E%3C\/svg%3E&quot;);\">\n\t\t\t<span class=\"elementor-divider-separator\">\n\t\t\t\t\t\t<\/span>\n\t\t<\/div>\n\t\t\t\t\t\t<\/div>\n\t\t\t\t<\/div>\n\t\t\t\t<\/div>\n\t\t\t\t\t<\/div>\n\t\t\t\t<\/div>\n\t\t<div class=\"elementor-element elementor-element-9992ad4 e-flex e-con-boxed e-con e-parent\" data-id=\"9992ad4\" data-element_type=\"container\" data-e-type=\"container\" data-settings=\"{&quot;background_background&quot;:&quot;classic&quot;}\">\n\t\t\t\t\t<div class=\"e-con-inner\">\n\t\t<div class=\"elementor-element elementor-element-8cd57cd e-con-full e-flex e-con e-child\" data-id=\"8cd57cd\" data-element_type=\"container\" data-e-type=\"container\">\n\t\t\t\t<div class=\"elementor-element elementor-element-834f3ef elementor-widget elementor-widget-spacer\" data-id=\"834f3ef\" data-element_type=\"widget\" data-e-type=\"widget\" data-widget_type=\"spacer.default\">\n\t\t\t\t<div class=\"elementor-widget-container\">\n\t\t\t\t\t\t\t<div class=\"elementor-spacer\">\n\t\t\t<div class=\"elementor-spacer-inner\"><\/div>\n\t\t<\/div>\n\t\t\t\t\t\t<\/div>\n\t\t\t\t<\/div>\n\t\t\t\t<div class=\"elementor-element elementor-element-37ff44f elementor-widget elementor-widget-heading\" data-id=\"37ff44f\" data-element_type=\"widget\" data-e-type=\"widget\" data-widget_type=\"heading.default\">\n\t\t\t\t<div class=\"elementor-widget-container\">\n\t\t\t\t\t<h3 class=\"elementor-heading-title elementor-size-default\">Sch\u00fctzenfest in Haltern am See 2025 von Fr. 20 Juni - Mo. 23 Juni 2025<\/h3>\t\t\t\t<\/div>\n\t\t\t\t<\/div>\n\t\t\t\t<div class=\"elementor-element elementor-element-54a7f18 elementor-widget elementor-widget-spacer\" data-id=\"54a7f18\" data-element_type=\"widget\" data-e-type=\"widget\" data-widget_type=\"spacer.default\">\n\t\t\t\t<div class=\"elementor-widget-container\">\n\t\t\t\t\t\t\t<div class=\"elementor-spacer\">\n\t\t\t<div class=\"elementor-spacer-inner\"><\/div>\n\t\t<\/div>\n\t\t\t\t\t\t<\/div>\n\t\t\t\t<\/div>\n\t\t<div class=\"elementor-element elementor-element-e7b62c0 e-grid e-con-full e-con e-child\" data-id=\"e7b62c0\" data-element_type=\"container\" data-e-type=\"container\">\n\t\t\t\t<div class=\"elementor-element elementor-element-166356e elementor-widget elementor-widget-image\" data-id=\"166356e\" data-element_type=\"widget\" data-e-type=\"widget\" data-widget_type=\"image.default\">\n\t\t\t\t<div class=\"elementor-widget-container\">\n\t\t\t\t\t\t\t\t\t\t\t\t\t\t\t\t<a href=\"https:\/\/haltern.eu\/schuetzengilde\/wp-content\/uploads\/2025\/07\/Schuetzenfest2025_Sonntag_-1.jpeg\" data-elementor-open-lightbox=\"yes\" data-elementor-lightbox-title=\"default\" data-e-action-hash=\"#elementor-action%3Aaction%3Dlightbox%26settings%3DeyJpZCI6MzU3NCwidXJsIjoiaHR0cHM6XC9cL2hhbHRlcm4uZXVcL3NjaHVldHplbmdpbGRlXC93cC1jb250ZW50XC91cGxvYWRzXC8yMDI1XC8wN1wvU2NodWV0emVuZmVzdDIwMjVfU29ubnRhZ18tMS5qcGVnIn0%3D\">\n\t\t\t\t\t\t\t<img decoding=\"async\" width=\"1024\" height=\"578\" src=\"https:\/\/haltern.eu\/schuetzengilde\/wp-content\/uploads\/2025\/07\/Schuetzenfest2025_Sonntag_-1-1024x578.jpeg\" class=\"attachment-large size-large wp-image-3574\" alt=\"\" srcset=\"https:\/\/haltern.eu\/schuetzengilde\/wp-content\/uploads\/2025\/07\/Schuetzenfest2025_Sonntag_-1-1024x578.jpeg 1024w, https:\/\/haltern.eu\/schuetzengilde\/wp-content\/uploads\/2025\/07\/Schuetzenfest2025_Sonntag_-1-300x169.jpeg 300w, https:\/\/haltern.eu\/schuetzengilde\/wp-content\/uploads\/2025\/07\/Schuetzenfest2025_Sonntag_-1-768x433.jpeg 768w, https:\/\/haltern.eu\/schuetzengilde\/wp-content\/uploads\/2025\/07\/Schuetzenfest2025_Sonntag_-1.jpeg 1280w\" sizes=\"(max-width: 1024px) 100vw, 1024px\" \/>\t\t\t\t\t\t\t\t<\/a>\n\t\t\t\t\t\t\t\t\t\t\t\t\t\t\t<\/div>\n\t\t\t\t<\/div>\n\t\t\t\t<div class=\"elementor-element elementor-element-c79fcbb elementor-widget elementor-widget-image\" data-id=\"c79fcbb\" data-element_type=\"widget\" data-e-type=\"widget\" data-widget_type=\"image.default\">\n\t\t\t\t<div class=\"elementor-widget-container\">\n\t\t\t\t\t\t\t\t\t\t\t\t\t\t\t\t<a href=\"https:\/\/haltern.eu\/schuetzengilde\/wp-content\/uploads\/2025\/07\/Schuetzenfest2025_Sonntag_-2.jpeg\" data-elementor-open-lightbox=\"yes\" data-elementor-lightbox-title=\"default\" data-e-action-hash=\"#elementor-action%3Aaction%3Dlightbox%26settings%3DeyJpZCI6MzU3NSwidXJsIjoiaHR0cHM6XC9cL2hhbHRlcm4uZXVcL3NjaHVldHplbmdpbGRlXC93cC1jb250ZW50XC91cGxvYWRzXC8yMDI1XC8wN1wvU2NodWV0emVuZmVzdDIwMjVfU29ubnRhZ18tMi5qcGVnIn0%3D\">\n\t\t\t\t\t\t\t<img loading=\"lazy\" decoding=\"async\" width=\"1024\" height=\"578\" src=\"https:\/\/haltern.eu\/schuetzengilde\/wp-content\/uploads\/2025\/07\/Schuetzenfest2025_Sonntag_-2-1024x578.jpeg\" class=\"attachment-large size-large wp-image-3575\" alt=\"\" srcset=\"https:\/\/haltern.eu\/schuetzengilde\/wp-content\/uploads\/2025\/07\/Schuetzenfest2025_Sonntag_-2-1024x578.jpeg 1024w, https:\/\/haltern.eu\/schuetzengilde\/wp-content\/uploads\/2025\/07\/Schuetzenfest2025_Sonntag_-2-300x169.jpeg 300w, https:\/\/haltern.eu\/schuetzengilde\/wp-content\/uploads\/2025\/07\/Schuetzenfest2025_Sonntag_-2-768x433.jpeg 768w, https:\/\/haltern.eu\/schuetzengilde\/wp-content\/uploads\/2025\/07\/Schuetzenfest2025_Sonntag_-2.jpeg 1280w\" sizes=\"(max-width: 1024px) 100vw, 1024px\" \/>\t\t\t\t\t\t\t\t<\/a>\n\t\t\t\t\t\t\t\t\t\t\t\t\t\t\t<\/div>\n\t\t\t\t<\/div>\n\t\t\t\t<div class=\"elementor-element elementor-element-0b731f9 elementor-widget elementor-widget-image\" data-id=\"0b731f9\" data-element_type=\"widget\" data-e-type=\"widget\" data-widget_type=\"image.default\">\n\t\t\t\t<div class=\"elementor-widget-container\">\n\t\t\t\t\t\t\t\t\t\t\t\t\t\t\t\t<a href=\"https:\/\/haltern.eu\/schuetzengilde\/wp-content\/uploads\/2025\/07\/Schuetzenfest2025_Sonntag_-3.jpeg\" data-elementor-open-lightbox=\"yes\" data-elementor-lightbox-title=\"default\" data-e-action-hash=\"#elementor-action%3Aaction%3Dlightbox%26settings%3DeyJpZCI6MzU3NiwidXJsIjoiaHR0cHM6XC9cL2hhbHRlcm4uZXVcL3NjaHVldHplbmdpbGRlXC93cC1jb250ZW50XC91cGxvYWRzXC8yMDI1XC8wN1wvU2NodWV0emVuZmVzdDIwMjVfU29ubnRhZ18tMy5qcGVnIn0%3D\">\n\t\t\t\t\t\t\t<img loading=\"lazy\" decoding=\"async\" width=\"1024\" height=\"578\" src=\"https:\/\/haltern.eu\/schuetzengilde\/wp-content\/uploads\/2025\/07\/Schuetzenfest2025_Sonntag_-3-1024x578.jpeg\" class=\"attachment-large size-large wp-image-3576\" alt=\"\" srcset=\"https:\/\/haltern.eu\/schuetzengilde\/wp-content\/uploads\/2025\/07\/Schuetzenfest2025_Sonntag_-3-1024x578.jpeg 1024w, https:\/\/haltern.eu\/schuetzengilde\/wp-content\/uploads\/2025\/07\/Schuetzenfest2025_Sonntag_-3-300x169.jpeg 300w, https:\/\/haltern.eu\/schuetzengilde\/wp-content\/uploads\/2025\/07\/Schuetzenfest2025_Sonntag_-3-768x433.jpeg 768w, https:\/\/haltern.eu\/schuetzengilde\/wp-content\/uploads\/2025\/07\/Schuetzenfest2025_Sonntag_-3.jpeg 1280w\" sizes=\"(max-width: 1024px) 100vw, 1024px\" \/>\t\t\t\t\t\t\t\t<\/a>\n\t\t\t\t\t\t\t\t\t\t\t\t\t\t\t<\/div>\n\t\t\t\t<\/div>\n\t\t\t\t<div class=\"elementor-element elementor-element-4c727d8 elementor-widget elementor-widget-image\" data-id=\"4c727d8\" data-element_type=\"widget\" data-e-type=\"widget\" data-widget_type=\"image.default\">\n\t\t\t\t<div class=\"elementor-widget-container\">\n\t\t\t\t\t\t\t\t\t\t\t\t\t\t\t\t<a href=\"https:\/\/haltern.eu\/schuetzengilde\/wp-content\/uploads\/2025\/07\/Schuetzenfest2025_Sonntag_-4.jpeg\" data-elementor-open-lightbox=\"yes\" data-elementor-lightbox-title=\"default\" data-e-action-hash=\"#elementor-action%3Aaction%3Dlightbox%26settings%3DeyJpZCI6MzU3NywidXJsIjoiaHR0cHM6XC9cL2hhbHRlcm4uZXVcL3NjaHVldHplbmdpbGRlXC93cC1jb250ZW50XC91cGxvYWRzXC8yMDI1XC8wN1wvU2NodWV0emVuZmVzdDIwMjVfU29ubnRhZ18tNC5qcGVnIn0%3D\">\n\t\t\t\t\t\t\t<img loading=\"lazy\" decoding=\"async\" width=\"1024\" height=\"578\" src=\"https:\/\/haltern.eu\/schuetzengilde\/wp-content\/uploads\/2025\/07\/Schuetzenfest2025_Sonntag_-4-1024x578.jpeg\" class=\"attachment-large size-large wp-image-3577\" alt=\"\" srcset=\"https:\/\/haltern.eu\/schuetzengilde\/wp-content\/uploads\/2025\/07\/Schuetzenfest2025_Sonntag_-4-1024x578.jpeg 1024w, https:\/\/haltern.eu\/schuetzengilde\/wp-content\/uploads\/2025\/07\/Schuetzenfest2025_Sonntag_-4-300x169.jpeg 300w, https:\/\/haltern.eu\/schuetzengilde\/wp-content\/uploads\/2025\/07\/Schuetzenfest2025_Sonntag_-4-768x433.jpeg 768w, https:\/\/haltern.eu\/schuetzengilde\/wp-content\/uploads\/2025\/07\/Schuetzenfest2025_Sonntag_-4.jpeg 1280w\" sizes=\"(max-width: 1024px) 100vw, 1024px\" \/>\t\t\t\t\t\t\t\t<\/a>\n\t\t\t\t\t\t\t\t\t\t\t\t\t\t\t<\/div>\n\t\t\t\t<\/div>\n\t\t\t\t<\/div>\n\t\t\t\t<div class=\"elementor-element elementor-element-ca7329f elementor-widget-divider--view-line elementor-widget elementor-widget-divider\" data-id=\"ca7329f\" data-element_type=\"widget\" data-e-type=\"widget\" data-widget_type=\"divider.default\">\n\t\t\t\t<div class=\"elementor-widget-container\">\n\t\t\t\t\t\t\t<div class=\"elementor-divider\">\n\t\t\t<span class=\"elementor-divider-separator\">\n\t\t\t\t\t\t<\/span>\n\t\t<\/div>\n\t\t\t\t\t\t<\/div>\n\t\t\t\t<\/div>\n\t\t\t\t<div class=\"elementor-element elementor-element-f3f1bbc elementor-button-info elementor-align-center elementor-widget elementor-widget-button\" data-id=\"f3f1bbc\" data-element_type=\"widget\" data-e-type=\"widget\" data-widget_type=\"button.default\">\n\t\t\t\t<div class=\"elementor-widget-container\">\n\t\t\t\t\t\t\t\t\t<div class=\"elementor-button-wrapper\">\n\t\t\t\t\t<a class=\"elementor-button elementor-button-link elementor-size-sm\" href=\"https:\/\/haltern.eu\/schuetzengilde\/schuetzenfest\/\">\n\t\t\t\t\t\t<span class=\"elementor-button-content-wrapper\">\n\t\t\t\t\t\t\t\t\t<span class=\"elementor-button-text\">Neugierig ? Hier geht es zum Sch\u00fctzenfest 2025 in Haltern am See<\/span>\n\t\t\t\t\t<\/span>\n\t\t\t\t\t<\/a>\n\t\t\t\t<\/div>\n\t\t\t\t\t\t\t\t<\/div>\n\t\t\t\t<\/div>\n\t\t\t\t<\/div>\n\t\t\t\t\t<\/div>\n\t\t\t\t<\/div>\n\t\t<div class=\"elementor-element elementor-element-9df36b2 e-con-full e-flex e-con e-parent\" data-id=\"9df36b2\" data-element_type=\"container\" data-e-type=\"container\" data-settings=\"{&quot;background_background&quot;:&quot;classic&quot;}\">\n\t\t<div class=\"elementor-element elementor-element-c741186 e-con-full e-flex e-con e-child\" data-id=\"c741186\" data-element_type=\"container\" data-e-type=\"container\" data-settings=\"{&quot;background_background&quot;:&quot;classic&quot;}\">\n\t\t\t\t<div class=\"elementor-element elementor-element-28b098e elementor-widget elementor-widget-heading\" data-id=\"28b098e\" data-element_type=\"widget\" data-e-type=\"widget\" data-widget_type=\"heading.default\">\n\t\t\t\t<div class=\"elementor-widget-container\">\n\t\t\t\t\t<h2 class=\"elementor-heading-title elementor-size-default\">Unser Gildehaus<\/h2>\t\t\t\t<\/div>\n\t\t\t\t<\/div>\n\t\t\t\t<div class=\"elementor-element elementor-element-da9fb86 elementor-widget elementor-widget-text-editor\" data-id=\"da9fb86\" data-element_type=\"widget\" data-e-type=\"widget\" data-widget_type=\"text-editor.default\">\n\t\t\t\t<div class=\"elementor-widget-container\">\n\t\t\t\t\t\t\t\t\t<p><span style=\"text-decoration: underline;\"><strong>Sie suchen eine Location zum Feiern zwischen 80 &#8211; 200 Personen<\/strong><\/span><\/p>\t\t\t\t\t\t\t\t<\/div>\n\t\t\t\t<\/div>\n\t\t<div class=\"elementor-element elementor-element-a7ce499 e-con-full e-flex e-con e-child\" data-id=\"a7ce499\" data-element_type=\"container\" data-e-type=\"container\">\n\t\t<div class=\"elementor-element elementor-element-1164060 e-con-full e-flex e-con e-child\" data-id=\"1164060\" data-element_type=\"container\" data-e-type=\"container\">\n\t\t\t\t<div class=\"elementor-element elementor-element-07a9e56 elementor-widget elementor-widget-heading\" data-id=\"07a9e56\" data-element_type=\"widget\" data-e-type=\"widget\" data-widget_type=\"heading.default\">\n\t\t\t\t<div class=\"elementor-widget-container\">\n\t\t\t\t\t<h3 class=\"elementor-heading-title elementor-size-medium\">Der Thekenbereich<\/h3>\t\t\t\t<\/div>\n\t\t\t\t<\/div>\n\t\t\t\t<div class=\"elementor-element elementor-element-f185efc elementor-widget elementor-widget-text-editor\" data-id=\"f185efc\" data-element_type=\"widget\" data-e-type=\"widget\" data-widget_type=\"text-editor.default\">\n\t\t\t\t<div class=\"elementor-widget-container\">\n\t\t\t\t\t\t\t\t\t<p>Der zentrale Treffpunkt und Eingang im Gildehaus ist der Thekenraum mit seinen gem\u00fctlichen Stehtischen und Thekenpl\u00e4tzen.<\/p><p>Hier ist es geradezu ideal sich vor oder nach dem Schie\u00dfen, w\u00e4hrend einer Veranstaltung oder auch einfach nach einer Vorstandssitzung noch ein pers\u00f6nliches Wort zu tauschen oder auch einfach zu \u201ekl\u00f6nen\u201c.<\/p>\t\t\t\t\t\t\t\t<\/div>\n\t\t\t\t<\/div>\n\t\t\t\t<\/div>\n\t\t<div class=\"elementor-element elementor-element-22115ba e-con-full e-flex e-con e-child\" data-id=\"22115ba\" data-element_type=\"container\" data-e-type=\"container\">\n\t\t\t\t<div class=\"elementor-element elementor-element-cc7ab23 elementor-widget elementor-widget-heading\" data-id=\"cc7ab23\" data-element_type=\"widget\" data-e-type=\"widget\" data-widget_type=\"heading.default\">\n\t\t\t\t<div class=\"elementor-widget-container\">\n\t\t\t\t\t<h3 class=\"elementor-heading-title elementor-size-medium\">Kleiner Saal<\/h3>\t\t\t\t<\/div>\n\t\t\t\t<\/div>\n\t\t\t\t<div class=\"elementor-element elementor-element-7174293 elementor-widget elementor-widget-text-editor\" data-id=\"7174293\" data-element_type=\"widget\" data-e-type=\"widget\" data-widget_type=\"text-editor.default\">\n\t\t\t\t<div class=\"elementor-widget-container\">\n\t\t\t\t\t\t\t\t\t<p>F\u00fcr Veranstaltung bis zu 100 Personen schlie\u00dft sich offen an den Thekenraum der Gesellschaftsbereich an, welcher auch w\u00e4hrend der Schie\u00dfabende der Kompanien sowie den Vorstandssitzungen genutzt wird. Bei Veranstaltungen bietet sich hier durch die flexiblen Tische und die Bestuhlung die M\u00f6glichkeit, eine Tanzfl\u00e4che zu schaffen.<\/p>\t\t\t\t\t\t\t\t<\/div>\n\t\t\t\t<\/div>\n\t\t\t\t<\/div>\n\t\t\t\t<\/div>\n\t\t<div class=\"elementor-element elementor-element-a247fe3 e-con-full e-flex e-con e-child\" data-id=\"a247fe3\" data-element_type=\"container\" data-e-type=\"container\">\n\t\t<div class=\"elementor-element elementor-element-51dfa10 e-con-full e-flex e-con e-child\" data-id=\"51dfa10\" data-element_type=\"container\" data-e-type=\"container\">\n\t\t\t\t<div class=\"elementor-element elementor-element-3ce57ae elementor-widget elementor-widget-heading\" data-id=\"3ce57ae\" data-element_type=\"widget\" data-e-type=\"widget\" data-widget_type=\"heading.default\">\n\t\t\t\t<div class=\"elementor-widget-container\">\n\t\t\t\t\t<h3 class=\"elementor-heading-title elementor-size-medium\">Der Schie\u00dfstand<\/h3>\t\t\t\t<\/div>\n\t\t\t\t<\/div>\n\t\t\t\t<div class=\"elementor-element elementor-element-e45ee9c elementor-widget elementor-widget-text-editor\" data-id=\"e45ee9c\" data-element_type=\"widget\" data-e-type=\"widget\" data-widget_type=\"text-editor.default\">\n\t\t\t\t<div class=\"elementor-widget-container\">\n\t\t\t\t\t\t\t\t\t<p>Hier kann sowohl mit Luftgewehren als auch Luftpistolen trainiert, als auch in verschiedensten Wettk\u00e4mpfen, von Kompaniemeisterschaften, dem Rundenwettkampf der Gilde, dem Kordelschie\u00dfen die Leistungen miteinander verglichen werden. Seit 2019 hat sich das Vergleichsschie\u00dfen in Form der Stadtmeisterschaften der Sch\u00fctzenvereine etabliert, bei dem sich Mannschaften der verschiedenen Kompanien der Halterner Sch\u00fctzenvereine untereinander messen.<\/p>\t\t\t\t\t\t\t\t<\/div>\n\t\t\t\t<\/div>\n\t\t\t\t<\/div>\n\t\t<div class=\"elementor-element elementor-element-3da4a36 e-con-full e-flex e-con e-child\" data-id=\"3da4a36\" data-element_type=\"container\" data-e-type=\"container\">\n\t\t\t\t<div class=\"elementor-element elementor-element-ffb20e1 elementor-widget elementor-widget-heading\" data-id=\"ffb20e1\" data-element_type=\"widget\" data-e-type=\"widget\" data-widget_type=\"heading.default\">\n\t\t\t\t<div class=\"elementor-widget-container\">\n\t\t\t\t\t<h3 class=\"elementor-heading-title elementor-size-medium\">Gro\u00dfer Saal<\/h3>\t\t\t\t<\/div>\n\t\t\t\t<\/div>\n\t\t\t\t<div class=\"elementor-element elementor-element-719a8bb elementor-widget elementor-widget-text-editor\" data-id=\"719a8bb\" data-element_type=\"widget\" data-e-type=\"widget\" data-widget_type=\"text-editor.default\">\n\t\t\t\t<div class=\"elementor-widget-container\">\n\t\t\t\t\t\t\t\t\t<p>Der gr\u00f6\u00dfte Raum ist der Schie\u00dfstand. Er schlie\u00dft sich, abgetrennt durch eine mobile Trennwandanlage, an den Gesellschaftsraum an. Er ist ausgestattet mit einer der modernsten, auf Lasertechnik basierenden Schie\u00dfanlagen im Kreis Recklinghausen und entspricht s\u00e4mtlichen Wettkampfkriterien.<\/p>\t\t\t\t\t\t\t\t<\/div>\n\t\t\t\t<\/div>\n\t\t\t\t<div class=\"elementor-element elementor-element-7e28b47 elementor-widget elementor-widget-heading\" data-id=\"7e28b47\" data-element_type=\"widget\" data-e-type=\"widget\" data-widget_type=\"heading.default\">\n\t\t\t\t<div class=\"elementor-widget-container\">\n\t\t\t\t\t<h3 class=\"elementor-heading-title elementor-size-default\">Neugierig ?\n<\/h3>\t\t\t\t<\/div>\n\t\t\t\t<\/div>\n\t\t\t\t<div class=\"elementor-element elementor-element-da1e984 elementor-widget elementor-widget-text-editor\" data-id=\"da1e984\" data-element_type=\"widget\" data-e-type=\"widget\" data-widget_type=\"text-editor.default\">\n\t\t\t\t<div class=\"elementor-widget-container\">\n\t\t\t\t\t\t\t\t\t<p>Hier k\u00f6nnen sich sich das Gildehaus schon mal in einem virtuellem Rundgang ansehen und mehr dar\u00fcber erfahren.<\/p>\t\t\t\t\t\t\t\t<\/div>\n\t\t\t\t<\/div>\n\t\t\t\t<div class=\"elementor-element elementor-element-e1c4e6b elementor-align-center elementor-widget__width-initial elementor-widget elementor-widget-button\" data-id=\"e1c4e6b\" data-element_type=\"widget\" data-e-type=\"widget\" data-widget_type=\"button.default\">\n\t\t\t\t<div class=\"elementor-widget-container\">\n\t\t\t\t\t\t\t\t\t<div class=\"elementor-button-wrapper\">\n\t\t\t\t\t<a class=\"elementor-button elementor-button-link elementor-size-sm\" href=\"https:\/\/haltern.eu\/schuetzengilde\/gildehaus\/\">\n\t\t\t\t\t\t<span class=\"elementor-button-content-wrapper\">\n\t\t\t\t\t\t\t\t\t<span class=\"elementor-button-text\">Zum Gildehaus<\/span>\n\t\t\t\t\t<\/span>\n\t\t\t\t\t<\/a>\n\t\t\t\t<\/div>\n\t\t\t\t\t\t\t\t<\/div>\n\t\t\t\t<\/div>\n\t\t\t\t<\/div>\n\t\t\t\t<\/div>\n\t\t\t\t<\/div>\n\t\t\t\t<\/div>\n\t\t<div class=\"elementor-element elementor-element-bf74e48 e-flex e-con-boxed e-con e-parent\" data-id=\"bf74e48\" data-element_type=\"container\" data-e-type=\"container\" data-settings=\"{&quot;background_background&quot;:&quot;classic&quot;}\">\n\t\t\t\t\t<div class=\"e-con-inner\">\n\t\t\t\t<div class=\"elementor-element elementor-element-2f3861f elementor-widget-divider--view-line elementor-widget elementor-widget-divider\" data-id=\"2f3861f\" data-element_type=\"widget\" data-e-type=\"widget\" data-widget_type=\"divider.default\">\n\t\t\t\t<div class=\"elementor-widget-container\">\n\t\t\t\t\t\t\t<div class=\"elementor-divider\">\n\t\t\t<span class=\"elementor-divider-separator\">\n\t\t\t\t\t\t<\/span>\n\t\t<\/div>\n\t\t\t\t\t\t<\/div>\n\t\t\t\t<\/div>\n\t\t\t\t<div class=\"elementor-element elementor-element-fa9984f elementor-widget elementor-widget-heading\" data-id=\"fa9984f\" data-element_type=\"widget\" data-e-type=\"widget\" data-widget_type=\"heading.default\">\n\t\t\t\t<div class=\"elementor-widget-container\">\n\t\t\t\t\t<h3 class=\"elementor-heading-title elementor-size-default\">Unsere n\u00e4chsten Events<\/h3>\t\t\t\t<\/div>\n\t\t\t\t<\/div>\n\t\t\t\t<div class=\"elementor-element elementor-element-64d37b2 elementor-align-right elementor-widget elementor-widget-button\" data-id=\"64d37b2\" data-element_type=\"widget\" data-e-type=\"widget\" data-widget_type=\"button.default\">\n\t\t\t\t<div class=\"elementor-widget-container\">\n\t\t\t\t\t\t\t\t\t<div class=\"elementor-button-wrapper\">\n\t\t\t\t\t<a class=\"elementor-button elementor-button-link elementor-size-sm\" href=\"https:\/\/www.eventim-light.com\/de\/a\/67a0b6ea0555173e53f9bd1b\/e\/6943e49498cc126ea252088a\" target=\"_blank\">\n\t\t\t\t\t\t<span class=\"elementor-button-content-wrapper\">\n\t\t\t\t\t\t\t\t\t<span class=\"elementor-button-text\">zum Ticktshop<\/span>\n\t\t\t\t\t<\/span>\n\t\t\t\t\t<\/a>\n\t\t\t\t<\/div>\n\t\t\t\t\t\t\t\t<\/div>\n\t\t\t\t<\/div>\n\t\t\t\t\t<\/div>\n\t\t\t\t<\/div>\n\t\t<div class=\"elementor-element elementor-element-4354431 e-grid e-con-boxed e-con e-parent\" data-id=\"4354431\" data-element_type=\"container\" data-e-type=\"container\" data-settings=\"{&quot;background_background&quot;:&quot;classic&quot;}\">\n\t\t\t\t\t<div class=\"e-con-inner\">\n\t\t\t\t<div class=\"elementor-element elementor-element-5987f51 elementor-widget elementor-widget-video\" data-id=\"5987f51\" data-element_type=\"widget\" data-e-type=\"widget\" data-settings=\"{&quot;youtube_url&quot;:&quot;https:\\\/\\\/youtube.com\\\/shorts\\\/PsZoIv5auKY&quot;,&quot;show_image_overlay&quot;:&quot;yes&quot;,&quot;image_overlay&quot;:{&quot;url&quot;:&quot;&quot;,&quot;id&quot;:&quot;&quot;,&quot;size&quot;:&quot;&quot;,&quot;alt&quot;:&quot;&quot;,&quot;source&quot;:&quot;library&quot;},&quot;video_type&quot;:&quot;youtube&quot;,&quot;controls&quot;:&quot;yes&quot;}\" data-widget_type=\"video.default\">\n\t\t\t\t<div class=\"elementor-widget-container\">\n\t\t\t\t\t\t\t<div class=\"elementor-wrapper elementor-open-inline\">\n\t\t\t<div class=\"elementor-video\"><\/div>\t\t<\/div>\n\t\t\t\t\t\t<\/div>\n\t\t\t\t<\/div>\n\t\t\t\t<div class=\"elementor-element elementor-element-c700e22 elementor-widget elementor-widget-video\" data-id=\"c700e22\" data-element_type=\"widget\" data-e-type=\"widget\" data-settings=\"{&quot;youtube_url&quot;:&quot;https:\\\/\\\/youtube.com\\\/shorts\\\/uLg-1tQ2wp0&quot;,&quot;show_image_overlay&quot;:&quot;yes&quot;,&quot;image_overlay&quot;:{&quot;url&quot;:&quot;https:\\\/\\\/haltern.eu\\\/schuetzengilde\\\/wp-content\\\/uploads\\\/2026\\\/01\\\/Plakat.jpg&quot;,&quot;id&quot;:3704,&quot;size&quot;:&quot;&quot;,&quot;alt&quot;:&quot;&quot;,&quot;source&quot;:&quot;library&quot;},&quot;video_type&quot;:&quot;youtube&quot;,&quot;controls&quot;:&quot;yes&quot;}\" data-widget_type=\"video.default\">\n\t\t\t\t<div class=\"elementor-widget-container\">\n\t\t\t\t\t\t\t<div class=\"elementor-wrapper elementor-open-inline\">\n\t\t\t<div class=\"elementor-video\"><\/div>\t\t\t\t<div class=\"elementor-custom-embed-image-overlay\" style=\"background-image: url(https:\/\/haltern.eu\/schuetzengilde\/wp-content\/uploads\/2026\/01\/Plakat.jpg);\">\n\t\t\t\t\t\t\t\t\t\t\t\t\t\t\t\t<div class=\"elementor-custom-embed-play\" role=\"button\" aria-label=\"Video abspielen\" tabindex=\"0\">\n\t\t\t\t\t\t\t<svg aria-hidden=\"true\" class=\"e-font-icon-svg e-eicon-play\" viewBox=\"0 0 1000 1000\" xmlns=\"http:\/\/www.w3.org\/2000\/svg\"><path d=\"M838 162C746 71 633 25 500 25 371 25 258 71 163 162 71 254 25 367 25 500 25 633 71 746 163 837 254 929 367 979 500 979 633 979 746 933 838 837 929 746 975 633 975 500 975 367 929 254 838 162M808 192C892 279 933 379 933 500 933 621 892 725 808 808 725 892 621 938 500 938 379 938 279 896 196 808 113 725 67 621 67 500 67 379 108 279 196 192 279 108 383 62 500 62 621 62 721 108 808 192M438 392V642L642 517 438 392Z\"><\/path><\/svg>\t\t\t\t\t\t<\/div>\n\t\t\t\t\t\t\t\t\t<\/div>\n\t\t\t\t\t<\/div>\n\t\t\t\t\t\t<\/div>\n\t\t\t\t<\/div>\n\t\t\t\t\t<\/div>\n\t\t\t\t<\/div>\n\t\t\t\t<\/div>\n\t\t","protected":false},"excerpt":{"rendered":"<p>Herzlich Willkommen bei der Sch\u00fctzengilde Haltern e.V. Die Kompanien der Sch\u00fctzengilde Haltern Sch\u00fctzenfest in Haltern am See 2025 von Fr. 20 Juni &#8211; Mo. 23 Juni 2025 Neugierig ? Hier geht es zum Sch\u00fctzenfest 2025 in Haltern am See Unser Gildehaus Sie suchen eine Location zum Feiern zwischen 80 &#8211; 200 Personen Der Thekenbereich Der [&hellip;]<\/p>\n","protected":false},"author":1,"featured_media":0,"parent":0,"menu_order":0,"comment_status":"closed","ping_status":"closed","template":"","meta":{"site-sidebar-layout":"no-sidebar","site-content-layout":"page-builder","ast-site-content-layout":"default","site-content-style":"default","site-sidebar-style":"default","ast-global-header-display":"","ast-banner-title-visibility":"","ast-main-header-display":"","ast-hfb-above-header-display":"","ast-hfb-below-header-display":"","ast-hfb-mobile-header-display":"","site-post-title":"disabled","ast-breadcrumbs-content":"disabled","ast-featured-img":"disabled","footer-sml-layout":"","ast-disable-related-posts":"","theme-transparent-header-meta":"enabled","adv-header-id-meta":"","stick-header-meta":"","header-above-stick-meta":"","header-main-stick-meta":"","header-below-stick-meta":"","astra-migrate-meta-layouts":"default","ast-page-background-enabled":"default","ast-page-background-meta":{"desktop":{"background-color":"","background-image":"","background-repeat":"repeat","background-position":"center center","background-size":"auto","background-attachment":"scroll","background-type":"","background-media":"","overlay-type":"","overlay-color":"","overlay-opacity":"","overlay-gradient":""},"tablet":{"background-color":"","background-image":"","background-repeat":"repeat","background-position":"center center","background-size":"auto","background-attachment":"scroll","background-type":"","background-media":"","overlay-type":"","overlay-color":"","overlay-opacity":"","overlay-gradient":""},"mobile":{"background-color":"","background-image":"","background-repeat":"repeat","background-position":"center center","background-size":"auto","background-attachment":"scroll","background-type":"","background-media":"","overlay-type":"","overlay-color":"","overlay-opacity":"","overlay-gradient":""}},"ast-content-background-meta":{"desktop":{"background-color":"var(--ast-global-color-5)","background-image":"","background-repeat":"repeat","background-position":"center center","background-size":"auto","background-attachment":"scroll","background-type":"","background-media":"","overlay-type":"","overlay-color":"","overlay-opacity":"","overlay-gradient":""},"tablet":{"background-color":"var(--ast-global-color-5)","background-image":"","background-repeat":"repeat","background-position":"center center","background-size":"auto","background-attachment":"scroll","background-type":"","background-media":"","overlay-type":"","overlay-color":"","overlay-opacity":"","overlay-gradient":""},"mobile":{"background-color":"var(--ast-global-color-5)","background-image":"","background-repeat":"repeat","background-position":"center center","background-size":"auto","background-attachment":"scroll","background-type":"","background-media":"","overlay-type":"","overlay-color":"","overlay-opacity":"","overlay-gradient":""}},"footnotes":""},"class_list":["post-518","page","type-page","status-publish","hentry"],"_links":{"self":[{"href":"https:\/\/haltern.eu\/schuetzengilde\/wp-json\/wp\/v2\/pages\/518","targetHints":{"allow":["GET"]}}],"collection":[{"href":"https:\/\/haltern.eu\/schuetzengilde\/wp-json\/wp\/v2\/pages"}],"about":[{"href":"https:\/\/haltern.eu\/schuetzengilde\/wp-json\/wp\/v2\/types\/page"}],"author":[{"embeddable":true,"href":"https:\/\/haltern.eu\/schuetzengilde\/wp-json\/wp\/v2\/users\/1"}],"replies":[{"embeddable":true,"href":"https:\/\/haltern.eu\/schuetzengilde\/wp-json\/wp\/v2\/comments?post=518"}],"version-history":[{"count":10,"href":"https:\/\/haltern.eu\/schuetzengilde\/wp-json\/wp\/v2\/pages\/518\/revisions"}],"predecessor-version":[{"id":3753,"href":"https:\/\/haltern.eu\/schuetzengilde\/wp-json\/wp\/v2\/pages\/518\/revisions\/3753"}],"wp:attachment":[{"href":"https:\/\/haltern.eu\/schuetzengilde\/wp-json\/wp\/v2\/media?parent=518"}],"curies":[{"name":"wp","href":"https:\/\/api.w.org\/{rel}","templated":true}]}}